{"id":1397,"date":"2017-10-11T05:27:49","date_gmt":"2017-10-11T05:27:49","guid":{"rendered":"http:\/\/apressthemes.com\/demo35\/?page_id=1397"},"modified":"2017-10-11T05:27:49","modified_gmt":"2017-10-11T05:27:49","slug":"hakkimizda","status":"publish","type":"page","link":"https:\/\/spectrumhouse.com.tr\/en\/hakkimizda\/","title":{"rendered":"Misyon &amp; Vizyon"},"content":{"rendered":"<p>[vc_row gap=&#8221;10&#8243; content_placement=&#8221;top&#8221; css=&#8221;.vc_custom_1473655845693{padding-top: 50px !important;padding-bottom: 15px !important;}&#8221;][vc_column width=&#8221;1\/3&#8243; offset=&#8221;vc_col-lg-offset-0 vc_col-md-offset-0 vc_col-sm-offset-0&#8243;][ultimate_heading main_heading=&#8221;NEDEN B\u0130R D\u00dc\u015e\u00dcNCE MERKEZ\u0130?&#8221; alignment=&#8221;right&#8221; main_heading_font_size=&#8221;desktop:35px;&#8221; main_heading_line_height=&#8221;desktop:60px;&#8221;][\/ultimate_heading][\/vc_column][vc_column width=&#8221;2\/3&#8243;][vc_column_text]D\u00fcnyada ya\u015fanan h\u0131zl\u0131 geli\u015fmelerin toplumsal hayat\u0131m\u0131z\u0131, ya\u015fam tarz\u0131m\u0131z\u0131, k\u00fclt\u00fcr ve d\u00fc\u015f\u00fcnce al\u0131\u015fkanl\u0131klar\u0131m\u0131z\u0131 ne denli belirleyip \u015fekillendirdi\u011fini hep birlikte izliyoruz. Bu olgulardan hareketle, d\u00f6n\u00fc\u015fen toplumsal ili\u015fkilerin olu\u015fum, geli\u015fim ve yay\u0131l\u0131m dinamiklerini anlamak ve kavramak amac\u0131yla yeniden d\u00fc\u015f\u00fcnmenin hayati \u00f6neme sahip oldu\u011funa tan\u0131kl\u0131k ediyoruz.<\/p>\n<p>Yeni sistem teorilerinin ve toplumsal modellerin tart\u0131\u015f\u0131ld\u0131\u011f\u0131 bir \u00e7a\u011fda zaman ve mekan\u0131n bulunu\u015funda b\u00fct\u00fcnle\u015fmi\u015f bir d\u00fc\u015f\u00fcnce kurulu\u015funun d\u00fcnyadaki bu geli\u015fmelerin de\u011fi\u015fim dinamiklerini anlamak a\u00e7\u0131s\u0131ndan acil bir gereklilik oldu\u011fu g\u00f6r\u00fclmektedir.<\/p>\n<p>K\u00fcresel \u00f6l\u00e7ekte ya\u015fanan b\u00fcy\u00fck olgular neticesinde yeni politika ve stratejilerin belirlenmesi ve geli\u015ftirilmesi b\u00fcy\u00fck bir gereksinim olarak \u00f6n\u00fcm\u00fczde durmaktad\u0131r.<\/p>\n<p>Hakikat sonras\u0131yla beraber de\u011fi\u015fen bilgi t\u00fcketim al\u0131\u015fkanl\u0131klar\u0131 neticesinde h\u0131zlanan bilgi ak\u0131\u015f\u0131, g\u00fcn\u00fcm\u00fczde do\u011fru, objektif ve ilkesel bilgi \u00fcretimine olan ihtiyac\u0131 daha da artm\u0131\u015ft\u0131r.<\/p>\n<p>Y\u00fczy\u0131ll\u0131k bir tarih ve y\u00f6netim tecr\u00fcbesine sahip T\u00fcrkiye Cumhuriyeti devleti, kurulu\u015fundan bug\u00fcne kadar, farkl\u0131 ideolojik ve siyasal hareketlerin \u00e7at\u0131\u015fma alan\u0131 olmu\u015ftur.<\/p>\n<p>Toplumu olu\u015fturan unsurlarla, devlet y\u00f6netimini kontrol eden s\u0131n\u0131flar aras\u0131ndaki \u00e7at\u0131\u015fman\u0131n iktisadi, toplumsal ve insani maliyeti bug\u00fcn b\u00fcy\u00fck bir y\u00fck haline d\u00f6n\u00fc\u015fmekte, yeni y\u00fczy\u0131l\u0131n demokratik, adil ve e\u015fit bir \u015fekilde in\u015fas\u0131n\u0131 engellemektedir.<\/p>\n<p>Zor ayg\u0131tlar\u0131 ve anti demokratik y\u00f6ntemlerle bast\u0131r\u0131lmaya \u00e7al\u0131\u015f\u0131lan toplumsal sorunlar\u0131n \u00e7\u00f6z\u00fcme kavu\u015fturulmad\u0131\u011f\u0131 ger\u00e7e\u011finden hareketle \u00fclkemizde yeni politika ve stratejilere olan ihtiyac\u0131 \u00e7ok net bir \u015fekilde g\u00f6rebiliriz.<\/p>\n<p>Demokratik se\u00e7eneklerin devre d\u0131\u015f\u0131 b\u0131rak\u0131lmaya \u00e7al\u0131\u015f\u0131ld\u0131\u011f\u0131 bir d\u00f6nemde ortakla\u015ft\u0131r\u0131labilir gelecek tahayy\u00fcllerinin ger\u00e7ekle\u015fmesinin bir imk\u00e2n\u0131 olarak demokrasi talebinin ete kemi\u011fe b\u00fcr\u00fcnd\u00fc\u011f\u00fc bir momentin ba\u015f\u0131nda bulunuyoruz. Bu sebeple bu yeni s\u00fcrecin daha da geni\u015fleyerek ilerleyebilmesi i\u00e7in bilimsel ve stratejik b\u00fct\u00fcnl\u00fck i\u00e7inde \u00e7al\u0131\u015fmalar yap\u0131lmas\u0131 ertelenemez bir aciliyet olarak \u00f6n\u00fcm\u00fczde durmaktad\u0131r.<\/p>\n<p>T\u00fcm bu sebeplerden yola \u00e7\u0131karak,<\/p>\n<ul>\n<li>D\u00fc\u015f\u00fcnce kurulu\u015flar\u0131n\u0131n, \u00e7o\u011fulcu bir demokraside karar alma mekanizmalar\u0131n\u0131 etkileme anlam\u0131nda \u00f6nemli ve belirleyici ara\u00e7lardan biri olmas\u0131,<\/li>\n<li>Politika olu\u015fturmada sistematik ve nitelikli bilgi ihtiyac\u0131n\u0131 kar\u015f\u0131layacak en \u00f6nemli akt\u00f6rlerden birinin d\u00fc\u015f\u00fcnce kurulu\u015flar\u0131 olmas\u0131,<\/li>\n<li>Sivil toplumla politika yap\u0131c\u0131lar aras\u0131nda yatay bir etkile\u015fim alan\u0131 yaratmas\u0131 ve k\u00f6pr\u00fc g\u00f6revi g\u00f6rmesi,<\/li>\n<li>Politika \u00fcretme s\u00fcre\u00e7lerinde bilimsel \u00e7al\u0131\u015fmalardan faydalanman\u0131n, hem b\u00f6lgesel hem k\u00fcresel bazda etkinli\u011fi ve de y\u00f6netim kalitesini art\u0131rmas\u0131,<\/li>\n<\/ul>\n<p>bizleri SPECTRUM \u00e7at\u0131s\u0131 alt\u0131nda bulu\u015fturmu\u015ftur.[\/vc_column_text][\/vc_column][\/vc_row][vc_row gap=&#8221;10&#8243; content_placement=&#8221;top&#8221; css=&#8221;.vc_custom_1473655878481{padding-top: 50px !important;}&#8221;][vc_column width=&#8221;1\/3&#8243; offset=&#8221;vc_col-lg-offset-0 vc_col-md-offset-0 vc_col-sm-offset-0&#8243;][ultimate_heading main_heading=&#8221;PERSPEKT\u0130F&#8221; alignment=&#8221;right&#8221; main_heading_font_size=&#8221;desktop:35px;&#8221; main_heading_line_height=&#8221;desktop:60px;&#8221;][\/ultimate_heading][\/vc_column][vc_column width=&#8221;2\/3&#8243;][vc_column_text]SPECTRUM HOUSE evrensel insan haklar\u0131 anlay\u0131\u015f\u0131 \u00e7er\u00e7evesinde, T\u00fcrkiye\u2019de toplumsal bar\u0131\u015f, ekonomik refah, demokrasi, e\u015fitlik ve s\u00fcrd\u00fcr\u00fclebilir \u00e7evre ve iklim politikalar\u0131 i\u00e7in aktif fikri kat\u0131l\u0131m yoluyla fark\u0131ndal\u0131k yaratarak yasal mevzuatlarda ihtiya\u00e7 bulunan d\u00fczenlemelerin, kurumlarda ve toplum hayat\u0131nda gereken d\u00f6n\u00fc\u015f\u00fcm\u00fcn ger\u00e7ekle\u015fmesine katk\u0131 sunmay\u0131 ama\u00e7layan, demokrasiye, sek\u00fcler hukuk normlar\u0131na ba\u011fl\u0131 d\u00fc\u015f\u00fcnce, inan\u00e7 ve fikir \u00f6zg\u00fcrl\u00fcklerine sayg\u0131l\u0131 ba\u011f\u0131ms\u0131z bir d\u00fc\u015f\u00fcnce merkezidir.<\/p>\n<p>Bu de\u011ferler ve evrensel normlar \u00e7er\u00e7evesinde kapsay\u0131c\u0131 ve s\u00fcrd\u00fcr\u00fclebilir politika ve stratejilerin geli\u015ftirilmesine y\u00f6nelik \u00e7\u00f6z\u00fcm \u00f6nerileri ve perspektifler sunar.[\/vc_column_text][\/vc_column][\/vc_row][vc_row gap=&#8221;10&#8243; content_placement=&#8221;top&#8221; css=&#8221;.vc_custom_1473657695499{padding-top: 85px !important;}&#8221;][vc_column width=&#8221;1\/3&#8243; offset=&#8221;vc_col-lg-offset-0 vc_col-md-offset-0 vc_col-sm-offset-0&#8243;][ultimate_heading main_heading=&#8221;AMA\u00c7&#8221; alignment=&#8221;right&#8221; main_heading_font_size=&#8221;desktop:35px;&#8221; main_heading_line_height=&#8221;desktop:60px;&#8221;][\/ultimate_heading][\/vc_column][vc_column width=&#8221;2\/3&#8243;][vc_column_text]SPECTRUM HOUSE karar al\u0131c\u0131lara do\u011fru, tarafs\u0131z, ger\u00e7ek\u00e7i ve toplumcu politikalar belirleyebilmelerine katk\u0131 sunmak amac\u0131yla ara\u015ft\u0131rma, rapor, risk analizleri ve sa\u011fl\u0131kl\u0131 bilgi ak\u0131\u015f\u0131 sa\u011flayacakt\u0131r. Bu \u00e7er\u00e7evede a\u015fa\u011f\u0131dakileri ger\u00e7ekle\u015ftirmeyi ama\u00e7lamaktad\u0131r:<\/p>\n<ul>\n<li>T\u00fcrkiye\u2019nin temel sorunlar\u0131na (demokratikle\u015fme, toplumsal bar\u0131\u015f, sosyal e\u015fitsizlikler, kent y\u00f6neti\u015fimi, yerel y\u00f6netimler, ekoloji ve g\u00f6\u00e7 politikalar\u0131 konular\u0131nda) saha ara\u015ft\u0131rmas\u0131 ve \u00e7\u00f6z\u00fcm \u00f6nerileri geli\u015ftirmek,<\/li>\n<li>\u00dclkenin toplumsal bar\u0131\u015f\u0131n\u0131n in\u015fas\u0131na katk\u0131 sunmak,<\/li>\n<li>K\u00fclt\u00fcrel payla\u015f\u0131m\u0131 \u00e7o\u011falt\u0131p \u00e7e\u015fitlendirmek,<\/li>\n<li>Demokratik normlar\u0131n y\u00fckseltilmesini temel hedef olarak bellemek,<\/li>\n<li>Her t\u00fcrl\u00fc \u015fiddetin sonland\u0131r\u0131lmas\u0131 i\u00e7in saha ara\u015ft\u0131rmalar\u0131 ve \u00e7\u00f6z\u00fcm \u00f6nerileri \u00fcretmek,<\/li>\n<li>Bu \u00e7al\u0131\u015fmalar\u0131n sonu\u00e7lar\u0131n\u0131, ilgili yap\u0131larla payla\u015fmak<\/li>\n<\/ul>\n<p>[\/vc_column_text][\/vc_column][\/vc_row]<\/p>\n","protected":false},"excerpt":{"rendered":"<p>[vc_row gap=&#8221;10&#8243; content_placement=&#8221;top&#8221; css=&#8221;.vc_custom_1473655845693{padding-top: 50px !important;padding-bottom: 15px !important;}&#8221;][vc_column width=&#8221;1\/3&#8243; offset=&#8221;vc_col-lg-offset-0 vc_col-md-offset-0 vc_col-sm-offset-0&#8243;][ultimate_heading main_heading=&#8221;NEDEN B\u0130R D\u00dc\u015e\u00dcNCE MERKEZ\u0130?&#8221; alignment=&#8221;right&#8221; main_heading_font_size=&#8221;desktop:35px;&#8221; main_heading_line_height=&#8221;desktop:60px;&#8221;][\/ultimate_heading][\/vc_column][vc_column width=&#8221;2\/3&#8243;][vc_column_text]D\u00fcnyada ya\u015fanan h\u0131zl\u0131 geli\u015fmelerin toplumsal hayat\u0131m\u0131z\u0131, ya\u015fam tarz\u0131m\u0131z\u0131, k\u00fclt\u00fcr ve d\u00fc\u015f\u00fcnce al\u0131\u015fkanl\u0131klar\u0131m\u0131z\u0131 ne denli belirleyip \u015fekillendirdi\u011fini hep birlikte izliyoruz. Bu olgulardan hareketle, d\u00f6n\u00fc\u015fen toplumsal ili\u015fkilerin olu\u015fum, geli\u015fim ve yay\u0131l\u0131m dinamiklerini anlamak ve kavramak amac\u0131yla yeniden d\u00fc\u015f\u00fcnmenin [&hellip;]<\/p>\n","protected":false},"author":9,"featured_media":0,"parent":0,"menu_order":0,"comment_status":"closed","ping_status":"closed","template":"","meta":{"footnotes":""},"class_list":["post-1397","page","type-page","status-publish","hentry"],"_links":{"self":[{"href":"https:\/\/spectrumhouse.com.tr\/en\/wp-json\/wp\/v2\/pages\/1397","targetHints":{"allow":["GET"]}}],"collection":[{"href":"https:\/\/spectrumhouse.com.tr\/en\/wp-json\/wp\/v2\/pages"}],"about":[{"href":"https:\/\/spectrumhouse.com.tr\/en\/wp-json\/wp\/v2\/types\/page"}],"author":[{"embeddable":true,"href":"https:\/\/spectrumhouse.com.tr\/en\/wp-json\/wp\/v2\/users\/9"}],"replies":[{"embeddable":true,"href":"https:\/\/spectrumhouse.com.tr\/en\/wp-json\/wp\/v2\/comments?post=1397"}],"version-history":[{"count":0,"href":"https:\/\/spectrumhouse.com.tr\/en\/wp-json\/wp\/v2\/pages\/1397\/revisions"}],"wp:attachment":[{"href":"https:\/\/spectrumhouse.com.tr\/en\/wp-json\/wp\/v2\/media?parent=1397"}],"curies":[{"name":"wp","href":"https:\/\/api.w.org\/{rel}","templated":true}]}}